{"id":10469,"date":"2018-10-18T14:47:22","date_gmt":"2018-10-18T14:47:22","guid":{"rendered":"https:\/\/www.esin.av.tr\/?page_id=10469"},"modified":"2026-04-08T07:04:48","modified_gmt":"2026-04-08T07:04:48","slug":"yaz-kis-staji","status":"publish","type":"page","link":"https:\/\/www.esin.av.tr\/tr\/kariyer\/yaz-kis-staji\/","title":{"rendered":"Yaz Staj\u0131"},"content":{"rendered":"\t\t<div data-elementor-type=\"wp-page\" data-elementor-id=\"10469\" class=\"elementor elementor-10469\">\n\t\t\t\t\t\t<section class=\"elementor-section elementor-top-section elementor-element elementor-element-653f827d elementor-section-boxed elementor-section-height-default elementor-section-height-default\" data-id=\"653f827d\" data-element_type=\"section\">\n\t\t\t\t\t\t<div class=\"elementor-container elementor-column-gap-default\">\n\t\t\t\t\t<div class=\"elementor-column elementor-col-100 elementor-top-column elementor-element elementor-element-6e4fed64\" data-id=\"6e4fed64\" data-element_type=\"column\">\n\t\t\t<div class=\"elementor-widget-wrap elementor-element-populated\">\n\t\t\t\t\t\t<div class=\"elementor-element elementor-element-27bfef29 elementor-widget elementor-widget-text-editor\" data-id=\"27bfef29\" data-element_type=\"widget\" data-widget_type=\"text-editor.default\">\n\t\t\t\t<div class=\"elementor-widget-container\">\n\t\t\t\t\t\t\t\t\t<p><b>Esin Avukatl\u0131k Ortakl\u0131\u011f\u0131 olarak ortak de\u011ferlerimiz olan do\u011fruluk, d\u00fcr\u00fcstl\u00fck ve yard\u0131mseverli\u011fi benimsemi\u015f yeni ekip arkada\u015flar\u0131m\u0131z\u0131 ar\u0131yoruz.<\/b><\/p><p>Yaz Staj\u0131 ba\u015fvurular\u0131m\u0131z 9 Mart 2026 ve 5 Nisan 2026 tarihleri aras\u0131nda de\u011ferlendirilecektir.<\/p><p>Ba\u015fvurular\u0131n\u0131z\u0131 ba\u015fvuru sayfam\u0131z\u0131n kariyer b\u00f6l\u00fcm\u00fcnden tamamlaman\u0131z\u0131 rica ediyoruz. <u>10\/04\/2026<\/u>\u00a0tarihine kadar \u0130nsan Kaynaklar\u0131 ekibimiz taraf\u0131ndan ba\u015fvurusu <u>olumlu<\/u> de\u011ferlendirilen adaylara geri d\u00f6n\u00fc\u015fler tamamlanm\u0131\u015f olacakt\u0131r.<\/p><p><b>Yaz Staj\u0131 Program\u0131:<\/b><\/p><p>Yaz staj\u0131 program\u0131m\u0131z Haziran, Temmuz ve A\u011fustos aylar\u0131nda ger\u00e7ekle\u015fecektir.\u00a0<\/p><p>2026 y\u0131l\u0131 yaz stajyer al\u0131m s\u00fcrecimizin a\u015famalar\u0131 a\u015fa\u011f\u0131daki gibi olacakt\u0131r.<\/p><table style=\"width: 100%; border: none;\" border=\"1\" width=\"652\" cellspacing=\"0\" cellpadding=\"0\"><tbody><tr><td style=\"width: 113.15pt; border-width: 1pt; border-color: windowtext; padding: 0in 5.4pt;\" width=\"151\"><p class=\"MsoBodyText\" style=\"text-align: center;\" align=\"center\"><b><span lang=\"EN-US\">A\u015fama<\/span><\/b><\/p><\/td><td style=\"width: 248.1pt; border-top-color: windowtext; border-right-color: windowtext; border-bottom-color: windowtext; border-left-style: none; padding: 0in 5.4pt; border-width: 1pt 1pt 1pt initial;\" width=\"331\"><p class=\"MsoBodyText\" style=\"text-align: center;\" align=\"center\"><b><span lang=\"EN-US\">\u0130\u00e7erik<\/span><\/b><\/p><\/td><td style=\"width: 127.55pt; border-top-color: windowtext; border-right-color: windowtext; border-bottom-color: windowtext; border-left-style: none; padding: 0in 5.4pt; border-width: 1pt 1pt 1pt initial;\" width=\"170\"><p class=\"MsoBodyText\" style=\"text-align: center;\" align=\"center\"><b><span lang=\"EN-US\">Tarih<br \/>Aral\u0131\u011f\u0131<\/span><\/b><\/p><\/td><\/tr><tr><td style=\"width: 113.15pt; border-right-color: windowtext; border-bottom-color: windowtext; border-left-color: windowtext; border-top-style: none; padding: 0in 5.4pt; border-width: initial 1pt 1pt 1pt;\" width=\"151\"><p class=\"MsoNormal\" style=\"text-align: center;\" align=\"center\"><b>Ba\u015fvuru Toplama<\/b><b><\/b><\/p><\/td><td style=\"width: 248.1pt; border-top-style: none; border-left-style: none; border-bottom-color: windowtext; border-right-color: windowtext; padding: 0in 5.4pt; border-width: initial 1pt 1pt initial;\" width=\"331\"><p class=\"MsoNormal\" style=\"text-align: center;\" align=\"center\">Ba\u015fvurular, sadece<br \/>internet sitemiz \u00fczerinden (<span lang=\"EN-US\"><a href=\"https:\/\/www.esin.av.tr\/kariyer\/\">https:\/\/www.esin.av.tr\/kariyer\/<\/a><\/span><u><span lang=\"EN-US\">)<\/span><\/u> toplanacakt\u0131r. Adaylar\u0131n bu hususa dikkat etmelerini<br \/>rica ederiz.<\/p><\/td><td style=\"width: 127.55pt; border-top-style: none; border-left-style: none; border-bottom-color: windowtext; border-right-color: windowtext; padding: 0in 5.4pt; border-width: initial 1pt 1pt initial;\" width=\"170\"><p class=\"MsoNormal\" style=\"text-align: center;\" align=\"center\">9 Mart 2026<\/p><p class=\"MsoNormal\" style=\"text-align: center;\" align=\"center\">5 Nisan 2026<\/p><\/td><\/tr><tr><td style=\"width: 113.15pt; border-right-color: windowtext; border-bottom-color: windowtext; border-left-color: windowtext; border-top-style: none; padding: 0in 5.4pt; border-width: initial 1pt 1pt 1pt;\" valign=\"top\" width=\"151\"><p class=\"MsoNormal\" style=\"text-align: center;\" align=\"center\"><b><span lang=\"EN-US\">\u0130ngilizce S\u0131nav\u0131<\/span><\/b><b><\/b><\/p><\/td><td style=\"width: 248.1pt; border-top-style: none; border-left-style: none; border-bottom-color: windowtext; border-right-color: windowtext; padding: 0in 5.4pt; border-width: initial 1pt 1pt initial;\" valign=\"top\" width=\"331\"><p class=\"MsoNormal\" style=\"text-align: center;\" align=\"center\">Duyurulacakt\u0131r<\/p><\/td><td style=\"width: 127.55pt; border-top-style: none; border-left-style: none; border-bottom-color: windowtext; border-right-color: windowtext; padding: 0in 5.4pt; border-width: initial 1pt 1pt initial;\" valign=\"top\" width=\"170\"><p class=\"MsoNormal\" style=\"text-align: center;\" align=\"center\">Duyurulacakt\u0131r<\/p><\/td><\/tr><tr><td style=\"width: 113.15pt; border-right-color: windowtext; border-bottom-color: windowtext; border-left-color: windowtext; border-top-style: none; padding: 0in 5.4pt; border-width: initial 1pt 1pt 1pt;\" valign=\"top\" width=\"151\"><p class=\"MsoNormal\" style=\"text-align: center;\" align=\"center\"><b><span lang=\"EN-US\">Birebir M\u00fclakatlar<\/span><\/b><b><\/b><\/p><\/td><td style=\"width: 248.1pt; border-top-style: none; border-left-style: none; border-bottom-color: windowtext; border-right-color: windowtext; padding: 0in 5.4pt; border-width: initial 1pt 1pt initial;\" valign=\"top\" width=\"331\"><p class=\"MsoNormal\" style=\"text-align: center;\" align=\"center\">Duyurulacakt\u0131r<\/p><\/td><td style=\"width: 127.55pt; border-top-style: none; border-left-style: none; border-bottom-color: windowtext; border-right-color: windowtext; padding: 0in 5.4pt; border-width: initial 1pt 1pt initial;\" valign=\"top\" width=\"170\"><p class=\"MsoNormal\" style=\"text-align: center;\" align=\"center\">Duyurulacakt\u0131r<\/p><\/td><\/tr><\/tbody><\/table><p><b>\u00a0<\/b><\/p><p><b>M\u00fcstakbel Meslekta\u015flar\u0131m\u0131zda Ne Ar\u0131yoruz? &lt;Fazla de\u011fil, sadece temel beklentiler&gt;<\/b><\/p><ul><li>En \u00f6nemlisi: iyi bir insan olmak<\/li><li>\u0130yi bir tak\u0131m oyuncusu olmak<\/li><li>\u0130yi derecede temel hukuk bilgisine sahip olmak<\/li><li>\u0130yi bir ileti\u015fim becerisine sahip olmak<\/li><\/ul><p><b><i>Ba\u015fvuru yaparken l\u00fctfen \u00f6zge\u00e7mi\u015finizi, g\u00fcncel not ortalaman\u0131z\u0131 ve varsa TOEFL ya da IELTS puan\u0131n\u0131z\u0131 ekleyiniz.<\/i><\/b><\/p>\t\t\t\t\t\t\t\t<\/div>\n\t\t\t\t<\/div>\n\t\t\t\t\t<\/div>\n\t\t<\/div>\n\t\t\t\t\t<\/div>\n\t\t<\/section>\n\t\t\t\t<\/div>\n\t\t","protected":false},"excerpt":{"rendered":"<p>Esin Avukatl\u0131k Ortakl\u0131\u011f\u0131 olarak ortak de\u011ferlerimiz olan do\u011fruluk, d\u00fcr\u00fcstl\u00fck ve yard\u0131mseverli\u011fi benimsemi\u015f yeni ekip arkada\u015flar\u0131m\u0131z\u0131 ar\u0131yoruz. Yaz Staj\u0131 ba\u015fvurular\u0131m\u0131z 9 [&hellip;]<\/p>\n","protected":false},"author":1,"featured_media":0,"parent":4302,"menu_order":7,"comment_status":"closed","ping_status":"closed","template":"tpl-career-summer-winter-trainees.php","meta":{"_acf_changed":false,"_stopmodifiedupdate":false,"_modified_date":"","footnotes":""},"class_list":["post-10469","page","type-page","status-publish","hentry"],"acf":[],"yoast_head":"<!-- This site is optimized with the Yoast SEO plugin v24.0 - https:\/\/yoast.com\/wordpress\/plugins\/seo\/ -->\n<title>Yaz Staj\u0131 - Esin Avukatl\u0131k Ortakl\u0131\u011f\u0131<\/title>\n<meta name=\"description\" content=\"Esin Avukatl\u0131k Ortakl\u0131\u011f\u0131 olarak ortak de\u011ferlerimiz olan do\u011fruluk, d\u00fcr\u00fcstl\u00fck ve yard\u0131mseverli\u011fi benimsemi\u015f yeni ekip arkada\u015flar\u0131m\u0131z\u0131 ar\u0131yoruz. Yaz Staj\u0131\" \/>\n<meta name=\"robots\" content=\"index, follow, max-snippet:-1, max-image-preview:large, max-video-preview:-1\" \/>\n<link rel=\"canonical\" href=\"https:\/\/www.esin.av.tr\/tr\/kariyer\/yaz-kis-staji\/\" \/>\n<meta property=\"og:locale\" content=\"tr_TR\" \/>\n<meta property=\"og:type\" content=\"article\" \/>\n<meta property=\"og:title\" content=\"Yaz Staj\u0131 - Esin Avukatl\u0131k Ortakl\u0131\u011f\u0131\" \/>\n<meta property=\"og:description\" content=\"Esin Avukatl\u0131k Ortakl\u0131\u011f\u0131 olarak ortak de\u011ferlerimiz olan do\u011fruluk, d\u00fcr\u00fcstl\u00fck ve yard\u0131mseverli\u011fi benimsemi\u015f yeni ekip arkada\u015flar\u0131m\u0131z\u0131 ar\u0131yoruz. Yaz Staj\u0131\" \/>\n<meta property=\"og:url\" content=\"https:\/\/www.esin.av.tr\/tr\/kariyer\/yaz-kis-staji\/\" \/>\n<meta property=\"og:site_name\" content=\"Esin Avukatl\u0131k Ortakl\u0131\u011f\u0131\" \/>\n<meta property=\"article:modified_time\" content=\"2026-04-08T07:04:48+00:00\" \/>\n<meta name=\"twitter:card\" content=\"summary_large_image\" \/>\n<meta name=\"twitter:label1\" content=\"Est. reading time\" \/>\n\t<meta name=\"twitter:data1\" content=\"1 minute\" \/>\n<script type=\"application\/ld+json\" class=\"yoast-schema-graph\">{\"@context\":\"https:\/\/schema.org\",\"@graph\":[{\"@type\":\"WebPage\",\"@id\":\"https:\/\/www.esin.av.tr\/tr\/kariyer\/yaz-kis-staji\/\",\"url\":\"https:\/\/www.esin.av.tr\/tr\/kariyer\/yaz-kis-staji\/\",\"name\":\"Yaz Staj\u0131 - Esin Avukatl\u0131k Ortakl\u0131\u011f\u0131\",\"isPartOf\":{\"@id\":\"https:\/\/www.esin.av.tr\/tr\/#website\"},\"datePublished\":\"2018-10-18T14:47:22+00:00\",\"dateModified\":\"2026-04-08T07:04:48+00:00\",\"description\":\"Esin Avukatl\u0131k Ortakl\u0131\u011f\u0131 olarak ortak de\u011ferlerimiz olan do\u011fruluk, d\u00fcr\u00fcstl\u00fck ve yard\u0131mseverli\u011fi benimsemi\u015f yeni ekip arkada\u015flar\u0131m\u0131z\u0131 ar\u0131yoruz. Yaz Staj\u0131\",\"breadcrumb\":{\"@id\":\"https:\/\/www.esin.av.tr\/tr\/kariyer\/yaz-kis-staji\/#breadcrumb\"},\"inLanguage\":\"tr\",\"potentialAction\":[{\"@type\":\"ReadAction\",\"target\":[\"https:\/\/www.esin.av.tr\/tr\/kariyer\/yaz-kis-staji\/\"]}]},{\"@type\":\"BreadcrumbList\",\"@id\":\"https:\/\/www.esin.av.tr\/tr\/kariyer\/yaz-kis-staji\/#breadcrumb\",\"itemListElement\":[{\"@type\":\"ListItem\",\"position\":1,\"name\":\"Home\",\"item\":\"https:\/\/www.esin.av.tr\/tr\/\"},{\"@type\":\"ListItem\",\"position\":2,\"name\":\"Kariyer\",\"item\":\"https:\/\/www.esin.av.tr\/tr\/kariyer\/\"},{\"@type\":\"ListItem\",\"position\":3,\"name\":\"Yaz Staj\u0131\"}]},{\"@type\":\"WebSite\",\"@id\":\"https:\/\/www.esin.av.tr\/tr\/#website\",\"url\":\"https:\/\/www.esin.av.tr\/tr\/\",\"name\":\"Esin Avukatl\u0131k Ortakl\u0131\u011f\u0131\",\"description\":\"\",\"publisher\":{\"@id\":\"https:\/\/www.esin.av.tr\/tr\/#organization\"},\"potentialAction\":[{\"@type\":\"SearchAction\",\"target\":{\"@type\":\"EntryPoint\",\"urlTemplate\":\"https:\/\/www.esin.av.tr\/tr\/?s={search_term_string}\"},\"query-input\":{\"@type\":\"PropertyValueSpecification\",\"valueRequired\":true,\"valueName\":\"search_term_string\"}}],\"inLanguage\":\"tr\"},{\"@type\":\"Organization\",\"@id\":\"https:\/\/www.esin.av.tr\/tr\/#organization\",\"name\":\"Esin Avukatl\u0131k Ortakl\u0131\u011f\u0131\",\"url\":\"https:\/\/www.esin.av.tr\/tr\/\",\"logo\":{\"@type\":\"ImageObject\",\"inLanguage\":\"tr\",\"@id\":\"https:\/\/www.esin.av.tr\/tr\/#\/schema\/logo\/image\/\",\"url\":\"https:\/\/www.esin.av.tr\/wp-content\/uploads\/2021\/09\/esin-2.jpg\",\"contentUrl\":\"https:\/\/www.esin.av.tr\/wp-content\/uploads\/2021\/09\/esin-2.jpg\",\"width\":800,\"height\":460,\"caption\":\"Esin Avukatl\u0131k Ortakl\u0131\u011f\u0131\"},\"image\":{\"@id\":\"https:\/\/www.esin.av.tr\/tr\/#\/schema\/logo\/image\/\"}}]}<\/script>\n<!-- \/ Yoast SEO plugin. -->","yoast_head_json":{"title":"Yaz Staj\u0131 - Esin Avukatl\u0131k Ortakl\u0131\u011f\u0131","description":"Esin Avukatl\u0131k Ortakl\u0131\u011f\u0131 olarak ortak de\u011ferlerimiz olan do\u011fruluk, d\u00fcr\u00fcstl\u00fck ve yard\u0131mseverli\u011fi benimsemi\u015f yeni ekip arkada\u015flar\u0131m\u0131z\u0131 ar\u0131yoruz. Yaz Staj\u0131","robots":{"index":"index","follow":"follow","max-snippet":"max-snippet:-1","max-image-preview":"max-image-preview:large","max-video-preview":"max-video-preview:-1"},"canonical":"https:\/\/www.esin.av.tr\/tr\/kariyer\/yaz-kis-staji\/","og_locale":"tr_TR","og_type":"article","og_title":"Yaz Staj\u0131 - Esin Avukatl\u0131k Ortakl\u0131\u011f\u0131","og_description":"Esin Avukatl\u0131k Ortakl\u0131\u011f\u0131 olarak ortak de\u011ferlerimiz olan do\u011fruluk, d\u00fcr\u00fcstl\u00fck ve yard\u0131mseverli\u011fi benimsemi\u015f yeni ekip arkada\u015flar\u0131m\u0131z\u0131 ar\u0131yoruz. Yaz Staj\u0131","og_url":"https:\/\/www.esin.av.tr\/tr\/kariyer\/yaz-kis-staji\/","og_site_name":"Esin Avukatl\u0131k Ortakl\u0131\u011f\u0131","article_modified_time":"2026-04-08T07:04:48+00:00","twitter_card":"summary_large_image","twitter_misc":{"Est. reading time":"1 minute"},"schema":{"@context":"https:\/\/schema.org","@graph":[{"@type":"WebPage","@id":"https:\/\/www.esin.av.tr\/tr\/kariyer\/yaz-kis-staji\/","url":"https:\/\/www.esin.av.tr\/tr\/kariyer\/yaz-kis-staji\/","name":"Yaz Staj\u0131 - Esin Avukatl\u0131k Ortakl\u0131\u011f\u0131","isPartOf":{"@id":"https:\/\/www.esin.av.tr\/tr\/#website"},"datePublished":"2018-10-18T14:47:22+00:00","dateModified":"2026-04-08T07:04:48+00:00","description":"Esin Avukatl\u0131k Ortakl\u0131\u011f\u0131 olarak ortak de\u011ferlerimiz olan do\u011fruluk, d\u00fcr\u00fcstl\u00fck ve yard\u0131mseverli\u011fi benimsemi\u015f yeni ekip arkada\u015flar\u0131m\u0131z\u0131 ar\u0131yoruz. Yaz Staj\u0131","breadcrumb":{"@id":"https:\/\/www.esin.av.tr\/tr\/kariyer\/yaz-kis-staji\/#breadcrumb"},"inLanguage":"tr","potentialAction":[{"@type":"ReadAction","target":["https:\/\/www.esin.av.tr\/tr\/kariyer\/yaz-kis-staji\/"]}]},{"@type":"BreadcrumbList","@id":"https:\/\/www.esin.av.tr\/tr\/kariyer\/yaz-kis-staji\/#breadcrumb","itemListElement":[{"@type":"ListItem","position":1,"name":"Home","item":"https:\/\/www.esin.av.tr\/tr\/"},{"@type":"ListItem","position":2,"name":"Kariyer","item":"https:\/\/www.esin.av.tr\/tr\/kariyer\/"},{"@type":"ListItem","position":3,"name":"Yaz Staj\u0131"}]},{"@type":"WebSite","@id":"https:\/\/www.esin.av.tr\/tr\/#website","url":"https:\/\/www.esin.av.tr\/tr\/","name":"Esin Avukatl\u0131k Ortakl\u0131\u011f\u0131","description":"","publisher":{"@id":"https:\/\/www.esin.av.tr\/tr\/#organization"},"potentialAction":[{"@type":"SearchAction","target":{"@type":"EntryPoint","urlTemplate":"https:\/\/www.esin.av.tr\/tr\/?s={search_term_string}"},"query-input":{"@type":"PropertyValueSpecification","valueRequired":true,"valueName":"search_term_string"}}],"inLanguage":"tr"},{"@type":"Organization","@id":"https:\/\/www.esin.av.tr\/tr\/#organization","name":"Esin Avukatl\u0131k Ortakl\u0131\u011f\u0131","url":"https:\/\/www.esin.av.tr\/tr\/","logo":{"@type":"ImageObject","inLanguage":"tr","@id":"https:\/\/www.esin.av.tr\/tr\/#\/schema\/logo\/image\/","url":"https:\/\/www.esin.av.tr\/wp-content\/uploads\/2021\/09\/esin-2.jpg","contentUrl":"https:\/\/www.esin.av.tr\/wp-content\/uploads\/2021\/09\/esin-2.jpg","width":800,"height":460,"caption":"Esin Avukatl\u0131k Ortakl\u0131\u011f\u0131"},"image":{"@id":"https:\/\/www.esin.av.tr\/tr\/#\/schema\/logo\/image\/"}}]}},"_links":{"self":[{"href":"https:\/\/www.esin.av.tr\/tr\/wp-json\/wp\/v2\/pages\/10469","targetHints":{"allow":["GET"]}}],"collection":[{"href":"https:\/\/www.esin.av.tr\/tr\/wp-json\/wp\/v2\/pages"}],"about":[{"href":"https:\/\/www.esin.av.tr\/tr\/wp-json\/wp\/v2\/types\/page"}],"author":[{"embeddable":true,"href":"https:\/\/www.esin.av.tr\/tr\/wp-json\/wp\/v2\/users\/1"}],"replies":[{"embeddable":true,"href":"https:\/\/www.esin.av.tr\/tr\/wp-json\/wp\/v2\/comments?post=10469"}],"version-history":[{"count":164,"href":"https:\/\/www.esin.av.tr\/tr\/wp-json\/wp\/v2\/pages\/10469\/revisions"}],"predecessor-version":[{"id":33251,"href":"https:\/\/www.esin.av.tr\/tr\/wp-json\/wp\/v2\/pages\/10469\/revisions\/33251"}],"up":[{"embeddable":true,"href":"https:\/\/www.esin.av.tr\/tr\/wp-json\/wp\/v2\/pages\/4302"}],"wp:attachment":[{"href":"https:\/\/www.esin.av.tr\/tr\/wp-json\/wp\/v2\/media?parent=10469"}],"curies":[{"name":"wp","href":"https:\/\/api.w.org\/{rel}","templated":true}]}}