{"version":"1.0","provider_name":"Esin Avukatl\u0131k Ortakl\u0131\u011f\u0131","provider_url":"https:\/\/www.esin.av.tr\/tr\/","author_name":"R\u0131dvan Konrat","author_url":"https:\/\/www.esin.av.tr\/tr\/author\/rkonrat\/","title":"Sa\u011fl\u0131k Sekt\u00f6r\u00fcnde G\u00fcncel Geli\u015fmeler - 22 Nisan 2021","type":"rich","width":600,"height":338,"html":"<blockquote class=\"wp-embedded-content\" data-secret=\"kv1vN0Mxew\"><a href=\"https:\/\/www.esin.av.tr\/tr\/2021\/04\/22\/saglik-sektorunde-guncel-gelismeler-22-nisan-2021\/\">Sa\u011fl\u0131k Sekt\u00f6r\u00fcnde G\u00fcncel Geli\u015fmeler &#8211; 22 Nisan 2021<\/a><\/blockquote><iframe sandbox=\"allow-scripts\" security=\"restricted\" src=\"https:\/\/www.esin.av.tr\/tr\/2021\/04\/22\/saglik-sektorunde-guncel-gelismeler-22-nisan-2021\/embed\/#?secret=kv1vN0Mxew\" width=\"600\" height=\"338\" title=\"&#8220;Sa\u011fl\u0131k Sekt\u00f6r\u00fcnde G\u00fcncel Geli\u015fmeler &#8211; 22 Nisan 2021&#8221; &#8212; Esin Avukatl\u0131k Ortakl\u0131\u011f\u0131\" data-secret=\"kv1vN0Mxew\" frameborder=\"0\" marginwidth=\"0\" marginheight=\"0\" scrolling=\"no\" class=\"wp-embedded-content\"><\/iframe><script type=\"text\/javascript\">\n\/* <![CDATA[ *\/\n\/*! This file is auto-generated *\/\n!function(d,l){\"use strict\";l.querySelector&&d.addEventListener&&\"undefined\"!=typeof URL&&(d.wp=d.wp||{},d.wp.receiveEmbedMessage||(d.wp.receiveEmbedMessage=function(e){var t=e.data;if((t||t.secret||t.message||t.value)&&!\/[^a-zA-Z0-9]\/.test(t.secret)){for(var s,r,n,a=l.querySelectorAll('iframe[data-secret=\"'+t.secret+'\"]'),o=l.querySelectorAll('blockquote[data-secret=\"'+t.secret+'\"]'),c=new RegExp(\"^https?:$\",\"i\"),i=0;i<o.length;i++)o[i].style.display=\"none\";for(i=0;i<a.length;i++)s=a[i],e.source===s.contentWindow&&(s.removeAttribute(\"style\"),\"height\"===t.message?(1e3<(r=parseInt(t.value,10))?r=1e3:~~r<200&&(r=200),s.height=r):\"link\"===t.message&&(r=new URL(s.getAttribute(\"src\")),n=new URL(t.value),c.test(n.protocol))&&n.host===r.host&&l.activeElement===s&&(d.top.location.href=t.value))}},d.addEventListener(\"message\",d.wp.receiveEmbedMessage,!1),l.addEventListener(\"DOMContentLoaded\",function(){for(var e,t,s=l.querySelectorAll(\"iframe.wp-embedded-content\"),r=0;r<s.length;r++)(t=(e=s[r]).getAttribute(\"data-secret\"))||(t=Math.random().toString(36).substring(2,12),e.src+=\"#?secret=\"+t,e.setAttribute(\"data-secret\",t)),e.contentWindow.postMessage({message:\"ready\",secret:t},\"*\")},!1)))}(window,document);\n\/* ]]> *\/\n<\/script>\n","description":"T\u00fcrkiye \u0130la\u00e7 ve T\u0131bbi Cihaz Kurumu (''Kurum'') t\u0131bbi cihazlar\u0131n Brexit sonras\u0131 d\u00f6nemde kay\u0131t ve de\u011ferlendirme s\u00fcre\u00e7lerine ili\u015fkin yeni uygulamalar ve sa\u011fl\u0131k hizmetlerinde kullan\u0131lan t\u0131bbi cihazlara ili\u015fkin \u00dcr\u00fcn Takip Sistemi (\"\u00dcTS\") kayd\u0131 ile t\u0131bbi hizmet sa\u011flay\u0131c\u0131lar\u0131n kayd\u0131 \u00dcTS kayd\u0131 gibi kritik konularda yeni duyurular yay\u0131mlad\u0131.","thumbnail_url":"https:\/\/www.esin.av.tr\/wp-content\/uploads\/2021\/02\/1.png"}