{"version":"1.0","provider_name":"Esin Avukatl\u0131k Ortakl\u0131\u011f\u0131","provider_url":"https:\/\/www.esin.av.tr\/tr\/","author_name":"R\u0131dvan Konrat","author_url":"https:\/\/www.esin.av.tr\/tr\/author\/rkonrat\/","title":"COVID-19: Turizm Sekt\u00f6r\u00fcne \u0130li\u015fkin D\u00fczenlemeler","type":"rich","width":600,"height":338,"html":"<blockquote class=\"wp-embedded-content\" data-secret=\"2wlAWRQn61\"><a href=\"https:\/\/www.esin.av.tr\/tr\/2020\/03\/30\/covid-19-turizm-sektorune-iliskin-duzenlemeler\/\">COVID-19: Turizm Sekt\u00f6r\u00fcne \u0130li\u015fkin D\u00fczenlemeler<\/a><\/blockquote><iframe sandbox=\"allow-scripts\" security=\"restricted\" src=\"https:\/\/www.esin.av.tr\/tr\/2020\/03\/30\/covid-19-turizm-sektorune-iliskin-duzenlemeler\/embed\/#?secret=2wlAWRQn61\" width=\"600\" height=\"338\" title=\"&#8220;COVID-19: Turizm Sekt\u00f6r\u00fcne \u0130li\u015fkin D\u00fczenlemeler&#8221; &#8212; Esin Avukatl\u0131k Ortakl\u0131\u011f\u0131\" data-secret=\"2wlAWRQn61\" frameborder=\"0\" marginwidth=\"0\" marginheight=\"0\" scrolling=\"no\" class=\"wp-embedded-content\"><\/iframe><script type=\"text\/javascript\">\n\/* <![CDATA[ *\/\n\/*! This file is auto-generated *\/\n!function(d,l){\"use strict\";l.querySelector&&d.addEventListener&&\"undefined\"!=typeof URL&&(d.wp=d.wp||{},d.wp.receiveEmbedMessage||(d.wp.receiveEmbedMessage=function(e){var t=e.data;if((t||t.secret||t.message||t.value)&&!\/[^a-zA-Z0-9]\/.test(t.secret)){for(var s,r,n,a=l.querySelectorAll('iframe[data-secret=\"'+t.secret+'\"]'),o=l.querySelectorAll('blockquote[data-secret=\"'+t.secret+'\"]'),c=new RegExp(\"^https?:$\",\"i\"),i=0;i<o.length;i++)o[i].style.display=\"none\";for(i=0;i<a.length;i++)s=a[i],e.source===s.contentWindow&&(s.removeAttribute(\"style\"),\"height\"===t.message?(1e3<(r=parseInt(t.value,10))?r=1e3:~~r<200&&(r=200),s.height=r):\"link\"===t.message&&(r=new URL(s.getAttribute(\"src\")),n=new URL(t.value),c.test(n.protocol))&&n.host===r.host&&l.activeElement===s&&(d.top.location.href=t.value))}},d.addEventListener(\"message\",d.wp.receiveEmbedMessage,!1),l.addEventListener(\"DOMContentLoaded\",function(){for(var e,t,s=l.querySelectorAll(\"iframe.wp-embedded-content\"),r=0;r<s.length;r++)(t=(e=s[r]).getAttribute(\"data-secret\"))||(t=Math.random().toString(36).substring(2,12),e.src+=\"#?secret=\"+t,e.setAttribute(\"data-secret\",t)),e.contentWindow.postMessage({message:\"ready\",secret:t},\"*\")},!1)))}(window,document);\n\/* ]]> *\/\n<\/script>\n","description":"Tebli\u011f ve Kanun kapsam\u0131na giren Turizm \u0130\u015fletmeleri\u2019nin ertelenen vergi \u00f6devleri, kira, kesin izin, kesin tahsis, irtifak hakk\u0131, kullanma izni, yararlanma, ilave yararlanma bedelleri ve has\u0131lat paylar\u0131 \u00f6demelerinin yerine getirilmesinde yukar\u0131da belirtilen s\u00fcrelere dikkat edilmesi \u00f6nem arz etmektedir."}